{"id":58788,"date":"2015-10-28T12:34:36","date_gmt":"2015-10-28T11:34:36","guid":{"rendered":"https:\/\/www.humanlevel.com\/politica-de-privacidad"},"modified":"2026-04-02T13:06:19","modified_gmt":"2026-04-02T11:06:19","slug":"confidentialite","status":"publish","type":"page","link":"https:\/\/www.humanlevel.com\/fr\/politiques\/confidentialite","title":{"rendered":"Politique de confidentialit\u00e9"},"content":{"rendered":"\n<div class=\"reduced-content-width\">\n<p>La politique de confidentialit\u00e9 fait partie des conditions g\u00e9n\u00e9rales r\u00e9gissant ce site web.<\/p>\n\n\n\n<p>Nous nous r\u00e9servons le droit de modifier la pr\u00e9sente Politique de Confidentialit\u00e9 \u00e0 tout moment. Toute modification sera communiqu\u00e9e via ce site web. Nous vous recommandons de consulter r\u00e9guli\u00e8rement cette page afin de rester inform\u00e9 de toute mise \u00e0 jour.<\/p>\n\n\n\n<p><strong><em>Notre politique de confidentialit\u00e9 a \u00e9t\u00e9 mise \u00e0 jour pour la derni\u00e8re fois le <strong><em>19\/02\/2026<\/em><\/strong>.<\/em><\/strong><\/p>\n\n\n\n\n\n\n<h2 class=\"wp-block-heading\">Qui est responsable du traitement de vos donn\u00e9es ?<\/h2>\n\n\n\n<p><strong>HUMAN LEVEL COMMUNICATIONS S.L.U.<\/strong><\/p>\n\n\n\n<ul class=\"wp-block-list\">\n<li><strong>Adresse<\/strong>: Calle Arcadi Blasco, 20 &#8211; 03550 Sant Joan d&rsquo;Alacant, ALICANTE (Espagne)<\/li>\n\n\n\n<li><strong>CIF<\/strong>: B54072756<\/li>\n\n\n\n<li><strong>T\u00e9l\u00e9phone<\/strong>:\u00a0<a href=\"tel:+34966141907\">966 141 907<\/a><\/li>\n\n\n\n<li><strong>Email<\/strong>:\u00a0<a href=\"mailto:info@humanlevel.com\">info@humanlevel.com<\/a><\/li>\n<\/ul>\n\n\n\n<p>Vous pouvez nous contacter par le moyen de votre choix.<\/p>\n\n\n\n<p>Si vous appartenez \u00e0 l&rsquo;un des groupes suivants, veuillez consulter les informations ci-dessous :<\/p>\n\n\n\n<div class=\"gb-accordion faq-accordion gb-accordion-81cd2808\" data-transition=\"slide\">\n<div class=\"gb-accordion__item faq-accordion-item\">\n<div role=\"button\" tabindex=\"0\" class=\"gb-accordion__toggle tp-body-bold faq-accordion-toggle\" id=\"gb-accordion-toggle-e3406046\">\n<span class=\"gb-text gb-text-b31afc31\">Utilisateurs du site web<\/span>\n\n\n\n<span class=\"gb-accordion__toggle-icon gb-accordion__toggle-icon-641d67e9\"><span class=\"gb-accordion__toggle-icon-open\"><svg aria-hidden=\"true\" viewBox=\"0 0 256 256\"><rect width=\"256\" height=\"256\" fill=\"none\"><\/rect><polyline points=\"208 96 128 176 48 96\" fill=\"none\" stroke=\"currentColor\" stroke-linecap=\"round\" stroke-linejoin=\"round\" stroke-width=\"16\"><\/polyline><\/svg><\/span><span class=\"gb-accordion__toggle-icon-close\"><svg aria-hidden=\"true\" viewBox=\"0 0 256 256\"><rect width=\"256\" height=\"256\" fill=\"none\"><\/rect><polyline points=\"48 160 128 80 208 160\" fill=\"none\" stroke=\"currentColor\" stroke-linecap=\"round\" stroke-linejoin=\"round\" stroke-width=\"16\"><\/polyline><\/svg><\/span><\/span>\n<\/div>\n\n\n\n<div class=\"gb-accordion__content\" id=\"gb-accordion-content-a35844c5\">\n<div class=\"faq-accordion-answer\">\n<h2 class=\"wp-block-heading\">Quelles sont les donn\u00e9es que nous recueillons sur le site web ?<\/h2>\n\n\n\n<p>Nous pouvons traiter votre adresse IP, le syst\u00e8me d&rsquo;exploitation ou le navigateur que vous utilisez, et m\u00eame la dur\u00e9e de votre visite, de mani\u00e8re anonyme.<br>Si vous nous fournissez vos coordonn\u00e9es dans le formulaire de contact, vous serez identifi\u00e9 afin que nous puissions vous contacter, si n\u00e9cessaire.<\/p>\n\n\n\n<ul class=\"wp-block-list\">\n<li>R\u00e9pondre \u00e0 vos questions, demandes ou p\u00e9titions.<\/li>\n\n\n\n<li>g\u00e9rer le service demand\u00e9, r\u00e9pondre \u00e0 votre demande ou traiter votre demande.<\/li>\n\n\n\n<li>Information par voie \u00e9lectronique concernant votre demande.<\/li>\n\n\n\n<li>Informations commerciales ou \u00e9v\u00e9nementielles par voie \u00e9lectronique, sous r\u00e9serve d&rsquo;une autorisation expresse.<\/li>\n\n\n\n<li>Effectuer des analyses et des am\u00e9liorations sur le Web, sur nos produits et services. Am\u00e9liorer notre strat\u00e9gie commerciale.<\/li>\n<\/ul>\n\n\n\n<p>Acceptation et consentement de l&rsquo;int\u00e9ress\u00e9 : Dans les cas o\u00f9, pour effectuer une demande, il est n\u00e9cessaire de remplir un formulaire et de cliquer sur le bouton d&rsquo;envoi, le fait de remplir ce formulaire implique n\u00e9cessairement que vous avez \u00e9t\u00e9 inform\u00e9 et que vous avez express\u00e9ment donn\u00e9 votre consentement au contenu de la clause jointe au formulaire ou \u00e0 l&rsquo;acceptation de la politique de confidentialit\u00e9.<\/p>\n\n\n\n<p>Tous nos formulaires comportent le symbole * dans les donn\u00e9es obligatoires. Si vous ne fournissez pas ces champs, ou si vous ne cochez pas la case d&rsquo;acceptation de la politique de confidentialit\u00e9, l&rsquo;envoi des informations ne sera pas autoris\u00e9.<\/p>\n<\/div>\n<\/div>\n<\/div>\n\n\n\n<div class=\"gb-accordion__item faq-accordion-item\">\n<div role=\"button\" tabindex=\"0\" class=\"gb-accordion__toggle tp-body-bold faq-accordion-toggle\" id=\"gb-accordion-toggle-396bbaf8\">\n<span class=\"gb-text gb-text-4afaced0\">Abonn\u00e9s \u00e0 la newsletter<\/span>\n\n\n\n<span class=\"gb-accordion__toggle-icon gb-accordion__toggle-icon-a6a29b98\"><span class=\"gb-accordion__toggle-icon-open\"><svg aria-hidden=\"true\" viewBox=\"0 0 256 256\"><rect width=\"256\" height=\"256\" fill=\"none\"><\/rect><polyline points=\"208 96 128 176 48 96\" fill=\"none\" stroke=\"currentColor\" stroke-linecap=\"round\" stroke-linejoin=\"round\" stroke-width=\"16\"><\/polyline><\/svg><\/span><span class=\"gb-accordion__toggle-icon-close\"><svg aria-hidden=\"true\" viewBox=\"0 0 256 256\"><rect width=\"256\" height=\"256\" fill=\"none\"><\/rect><polyline points=\"48 160 128 80 208 160\" fill=\"none\" stroke=\"currentColor\" stroke-linecap=\"round\" stroke-linejoin=\"round\" stroke-width=\"16\"><\/polyline><\/svg><\/span><\/span>\n<\/div>\n\n\n\n<div class=\"gb-accordion__content\" id=\"gb-accordion-content-b31d8e0d\">\n<div class=\"faq-accordion-answer\">\n<h2 class=\"wp-block-heading\">Quelles donn\u00e9es collectons-nous via la newsletter ?<\/h2>\n\n\n\n<p>Sur le web, vous pouvez vous abonner \u00e0 la lettre d&rsquo;information si vous nous fournissez une adresse \u00e9lectronique \u00e0 laquelle la lettre d&rsquo;information sera envoy\u00e9e.<br>Nous conserverons uniquement votre adresse \u00e9lectronique dans notre base de donn\u00e9es et nous continuerons \u00e0 vous envoyer des courriels p\u00e9riodiques, jusqu&rsquo;\u00e0 ce que vous vous d\u00e9sinscriviez ou que nous cessions d&rsquo;envoyer des courriels.<br>Vous aurez toujours la possibilit\u00e9 de vous d\u00e9sinscrire, dans toute communication.<\/p>\n\n\n\n<ul class=\"wp-block-list\">\n<li>G\u00e9rer le service demand\u00e9.<\/li>\n\n\n\n<li>Information par voie \u00e9lectronique concernant votre demande.<\/li>\n\n\n\n<li>Informations commerciales ou \u00e9v\u00e9nementielles par voie \u00e9lectronique, sous r\u00e9serve d&rsquo;une autorisation expresse.<\/li>\n\n\n\n<li>Effectuer des analyses et des am\u00e9liorations du mailing, afin d&rsquo;am\u00e9liorer notre strat\u00e9gie commerciale.<\/li>\n<\/ul>\n\n\n\n<p>Acceptation et consentement de l&rsquo;int\u00e9ress\u00e9 : dans les cas o\u00f9 vous vous inscrivez, vous devrez cocher une case et cliquer sur le bouton d&rsquo;envoi, ce qui impliquera n\u00e9cessairement que vous avez \u00e9t\u00e9 inform\u00e9 et que vous avez express\u00e9ment consenti \u00e0 recevoir la newsletter. Si vous ne cochez pas la case d&rsquo;acceptation de la politique de confidentialit\u00e9, les informations ne seront pas envoy\u00e9es.<\/p>\n<\/div>\n<\/div>\n<\/div>\n\n\n\n<div class=\"gb-accordion__item faq-accordion-item\">\n<div role=\"button\" tabindex=\"0\" class=\"gb-accordion__toggle tp-body-bold faq-accordion-toggle\" id=\"gb-accordion-toggle-432626be\">\n<span class=\"gb-text gb-text-7a9082bf\">Clients<\/span>\n\n\n\n<span class=\"gb-accordion__toggle-icon gb-accordion__toggle-icon-06807bd1\"><span class=\"gb-accordion__toggle-icon-open\"><svg aria-hidden=\"true\" viewBox=\"0 0 256 256\"><rect width=\"256\" height=\"256\" fill=\"none\"><\/rect><polyline points=\"208 96 128 176 48 96\" fill=\"none\" stroke=\"currentColor\" stroke-linecap=\"round\" stroke-linejoin=\"round\" stroke-width=\"16\"><\/polyline><\/svg><\/span><span class=\"gb-accordion__toggle-icon-close\"><svg aria-hidden=\"true\" viewBox=\"0 0 256 256\"><rect width=\"256\" height=\"256\" fill=\"none\"><\/rect><polyline points=\"48 160 128 80 208 160\" fill=\"none\" stroke=\"currentColor\" stroke-linecap=\"round\" stroke-linejoin=\"round\" stroke-width=\"16\"><\/polyline><\/svg><\/span><\/span>\n<\/div>\n\n\n\n<div class=\"gb-accordion__content\" id=\"gb-accordion-content-c4b0b980\">\n<div class=\"faq-accordion-answer\">\n<h2 class=\"wp-block-heading\">Quelles sont les donn\u00e9es que nous utilisons ?<\/h2>\n\n\n\n<ul class=\"wp-block-list\">\n<li>\u00c9laboration du devis et suivi du service via des communications entre les deux parties.<\/li>\n\n\n\n<li>Informations par voie \u00e9lectronique concernant votre demande.<\/li>\n\n\n\n<li>Informations commerciales ou \u00e9v\u00e9nementielles envoy\u00e9es par voie \u00e9lectronique, uniquement avec votre consentement explicite.<\/li>\n\n\n\n<li>Gestion des services administratifs, des communications et de la logistique effectu\u00e9s par le Responsable.<\/li>\n\n\n\n<li>Facturation et d\u00e9claration des imp\u00f4ts correspondants.<\/li>\n\n\n\n<li>R\u00e9alisation des transactions n\u00e9cessaires.<\/li>\n\n\n\n<li>Gestion du contr\u00f4le et du recouvrement.<\/li>\n<\/ul>\n<\/div>\n<\/div>\n<\/div>\n\n\n\n<div class=\"gb-accordion__item faq-accordion-item\">\n<div role=\"button\" tabindex=\"0\" class=\"gb-accordion__toggle tp-body-bold faq-accordion-toggle\" id=\"gb-accordion-toggle-c0955093\">\n<span class=\"gb-text gb-text-3b414e30\">Fournisseurs<\/span>\n\n\n\n<span class=\"gb-accordion__toggle-icon gb-accordion__toggle-icon-89f13316\"><span class=\"gb-accordion__toggle-icon-open\"><svg aria-hidden=\"true\" viewBox=\"0 0 256 256\"><rect width=\"256\" height=\"256\" fill=\"none\"><\/rect><polyline points=\"208 96 128 176 48 96\" fill=\"none\" stroke=\"currentColor\" stroke-linecap=\"round\" stroke-linejoin=\"round\" stroke-width=\"16\"><\/polyline><\/svg><\/span><span class=\"gb-accordion__toggle-icon-close\"><svg aria-hidden=\"true\" viewBox=\"0 0 256 256\"><rect width=\"256\" height=\"256\" fill=\"none\"><\/rect><polyline points=\"48 160 128 80 208 160\" fill=\"none\" stroke=\"currentColor\" stroke-linecap=\"round\" stroke-linejoin=\"round\" stroke-width=\"16\"><\/polyline><\/svg><\/span><\/span>\n<\/div>\n\n\n\n<div class=\"gb-accordion__content\" id=\"gb-accordion-content-dd126810\">\n<div class=\"faq-accordion-answer\">\n<h2 class=\"wp-block-heading\">Quelles donn\u00e9es utilisons-nous en tant que fournisseur ?<\/h2>\n\n\n\n<ul class=\"wp-block-list\">\n<li>Information par voie \u00e9lectronique concernant votre demande.<\/li>\n\n\n\n<li>Informations commerciales ou \u00e9v\u00e9nementielles envoy\u00e9es par voie \u00e9lectronique, uniquement avec votre consentement explicite.<\/li>\n\n\n\n<li>Gestion des services administratifs, des communications et de la logistique effectu\u00e9s par le Responsable.<\/li>\n\n\n\n<li>Facturation.<\/li>\n\n\n\n<li>R\u00e9alisation des transactions n\u00e9cessaires.<\/li>\n\n\n\n<li>Facturation et d\u00e9claration des imp\u00f4ts correspondants.<\/li>\n\n\n\n<li>Gestion du contr\u00f4le et du recouvrement.<\/li>\n<\/ul>\n\n\n\n<p>La base juridique est l&rsquo;acceptation d&rsquo;une relation contractuelle ou votre consentement \u00e0 nous contacter ou \u00e0 nous proposer vos produits par quelque moyen que ce soit.<\/p>\n<\/div>\n<\/div>\n<\/div>\n\n\n\n<div class=\"gb-accordion__item faq-accordion-item\">\n<div role=\"button\" tabindex=\"0\" class=\"gb-accordion__toggle tp-body-bold faq-accordion-toggle\" id=\"gb-accordion-toggle-8e096ac0\">\n<span class=\"gb-text gb-text-c3708bc2\">Contacts sur les r\u00e9seaux sociaux<\/span>\n\n\n\n<span class=\"gb-accordion__toggle-icon gb-accordion__toggle-icon-90b754b5\"><span class=\"gb-accordion__toggle-icon-open\"><svg aria-hidden=\"true\" viewBox=\"0 0 256 256\"><rect width=\"256\" height=\"256\" fill=\"none\"><\/rect><polyline points=\"208 96 128 176 48 96\" fill=\"none\" stroke=\"currentColor\" stroke-linecap=\"round\" stroke-linejoin=\"round\" stroke-width=\"16\"><\/polyline><\/svg><\/span><span class=\"gb-accordion__toggle-icon-close\"><svg aria-hidden=\"true\" viewBox=\"0 0 256 256\"><rect width=\"256\" height=\"256\" fill=\"none\"><\/rect><polyline points=\"48 160 128 80 208 160\" fill=\"none\" stroke=\"currentColor\" stroke-linecap=\"round\" stroke-linejoin=\"round\" stroke-width=\"16\"><\/polyline><\/svg><\/span><\/span>\n<\/div>\n\n\n\n<div class=\"gb-accordion__content\" id=\"gb-accordion-content-acc6237f\">\n<div class=\"faq-accordion-answer\">\n<h2 class=\"wp-block-heading\">Quelles sont les donn\u00e9es des r\u00e9seaux sociaux que nous utilisons ?<\/h2>\n\n\n\n<ul class=\"wp-block-list\">\n<li>R\u00e9pondre \u00e0 vos questions, demandes ou requ\u00eates.<\/li>\n\n\n\n<li>G\u00e9rer le service demand\u00e9, traiter votre requ\u00eate ou r\u00e9pondre \u00e0 votre demande.<\/li>\n\n\n\n<li>Interagir avec vous et cr\u00e9er une communaut\u00e9 d&rsquo;abonn\u00e9s.<\/li>\n<\/ul>\n\n\n\n<p>Acceptation d&rsquo;une relation contractuelle dans l&rsquo;environnement du r\u00e9seau social concern\u00e9 et conform\u00e9ment \u00e0 ses politiques de confidentialit\u00e9 :<\/p>\n\n\n\n<figure class=\"wp-block-table\"><table class=\"has-fixed-layout\"><thead><tr><th>R\u00e9seaux sociaux<\/th><th>Politique de confidentialit\u00e9<\/th><\/tr><\/thead><tbody><tr><td>Facebook<\/td><td><a href=\"https:\/\/www.facebook.com\/privacy\/policy\" target=\"_blank\" rel=\"noreferrer noopener\">https:\/\/www.facebook.com\/privacy\/policy<\/a><\/td><\/tr><tr><td>Instagram<\/td><td><a href=\"https:\/\/privacycenter.instagram.com\/policy\" target=\"_blank\" rel=\"noreferrer noopener\">https:\/\/privacycenter.instagram.com\/policy<\/a><\/td><\/tr><tr><td>X<\/td><td><a href=\"https:\/\/privacy.x.com\" target=\"_blank\" rel=\"noreferrer noopener\">https:\/\/privacy.x.com<\/a><\/td><\/tr><tr><td>Bluesky<\/td><td><a href=\"https:\/\/bsky.social\/about\/support\/privacy-policy\" target=\"_blank\" rel=\"noreferrer noopener\">https:\/\/bsky.social\/about\/support\/privacy-policy<\/a><\/td><\/tr><tr><td>LinkedIn<\/td><td><a href=\"http:\/\/www.linkedin.com\/legal\/privacy-policy\" target=\"_blank\" rel=\"noreferrer noopener\">http:\/\/www.linkedin.com\/legal\/privacy-policy<\/a><\/td><\/tr><tr><td>Pinterest<\/td><td><a href=\"https:\/\/policy.pinterest.com\/privacy-policy\" target=\"_blank\" rel=\"noreferrer noopener\">https:\/\/policy.pinterest.com\/privacy-policy<\/a><\/td><\/tr><tr><td>Google et YouTube<\/td><td><a href=\"https:\/\/policies.google.com\/privacy\" target=\"_blank\" rel=\"noreferrer noopener\">https:\/\/policies.google.com\/privacy<\/a><\/td><\/tr><\/tbody><\/table><\/figure>\n\n\n\n<h3 class=\"wp-block-heading\">Pendant combien de temps conservons-nous vos donn\u00e9es personnelles ?<\/h3>\n\n\n\n<p>Nous ne pouvons consulter ou supprimer vos donn\u00e9es de mani\u00e8re restreinte que si vous disposez d&rsquo;un profil sp\u00e9cifique.<\/p>\n\n\n\n<p>Nous les traiterons aussi longtemps que vous nous y autorisez en nous suivant, en \u00e9tant amis ou en donnant des boutons \u00ab\u00a0J&rsquo;aime\u00a0\u00bb, \u00ab\u00a0Suivre\u00a0\u00bb ou similaires. Toute rectification de vos donn\u00e9es ou restriction d&rsquo;informations ou de publications doit se faire par le biais de la configuration de votre profil ou utilisateur dans le r\u00e9seau social lui-m\u00eame.<\/p>\n<\/div>\n<\/div>\n<\/div>\n\n\n\n<div class=\"gb-accordion__item faq-accordion-item\">\n<div role=\"button\" tabindex=\"0\" class=\"gb-accordion__toggle tp-body-bold faq-accordion-toggle\" id=\"gb-accordion-toggle-ae520699\">\n<span class=\"gb-text tp-abovetitle\">Candidats \u00e0 l&#8217;emploi<\/span>\n\n\n\n<span class=\"gb-accordion__toggle-icon gb-accordion__toggle-icon-4fe1fa2f\"><span class=\"gb-accordion__toggle-icon-open\"><svg aria-hidden=\"true\" viewBox=\"0 0 256 256\"><rect width=\"256\" height=\"256\" fill=\"none\"><\/rect><polyline points=\"208 96 128 176 48 96\" fill=\"none\" stroke=\"currentColor\" stroke-linecap=\"round\" stroke-linejoin=\"round\" stroke-width=\"16\"><\/polyline><\/svg><\/span><span class=\"gb-accordion__toggle-icon-close\"><svg aria-hidden=\"true\" viewBox=\"0 0 256 256\"><rect width=\"256\" height=\"256\" fill=\"none\"><\/rect><polyline points=\"48 160 128 80 208 160\" fill=\"none\" stroke=\"currentColor\" stroke-linecap=\"round\" stroke-linejoin=\"round\" stroke-width=\"16\"><\/polyline><\/svg><\/span><\/span>\n<\/div>\n\n\n\n<div class=\"gb-accordion__content\" id=\"gb-accordion-content-6c2bf2b9\">\n<div class=\"faq-accordion-answer\">\n<h2 class=\"wp-block-heading\">Quelles sont les donn\u00e9es que nous utilisons \u00e0 partir de votre CV ?<\/h2>\n\n\n\n<ul class=\"wp-block-list\">\n<li>Organisation des processus de s\u00e9lection pour le recrutement des employ\u00e9s.<\/li>\n\n\n\n<li>vous convoquer \u00e0 des entretiens d&#8217;embauche et \u00e9valuer votre candidature.<\/li>\n\n\n\n<li>Si vous nous avez donn\u00e9 votre accord, nous pouvons transmettre ces donn\u00e9es \u00e0 des entreprises collaboratrices ou li\u00e9es dans le seul but de vous aider \u00e0 trouver un emploi.<\/li>\n\n\n\n<li>Si vous cochez la case pour accepter la politique de confidentialit\u00e9, vous nous donnez votre consentement pour transf\u00e9rer votre candidature aux entit\u00e9s qui composent le groupe de soci\u00e9t\u00e9s afin de vous inclure dans leurs processus de recrutement.<\/li>\n<\/ul>\n\n\n\n<p>Nous vous informons \u00e9galement qu&rsquo;un an apr\u00e8s avoir re\u00e7u votre curriculum vitae, nous proc\u00e9derons \u00e0 sa destruction s\u00e9curis\u00e9e. La base juridique est votre consentement sans \u00e9quivoque, lorsque vous nous envoyez votre CV.<\/p>\n\n\n\n<h3 class=\"wp-block-heading\">Incluons-nous des donn\u00e9es personnelles de tiers ?<\/h3>\n\n\n\n<p>Non, en r\u00e8gle g\u00e9n\u00e9rale, nous ne traitons que les donn\u00e9es qui nous sont fournies par les propri\u00e9taires. Si vous nous fournissez des donn\u00e9es de tiers, vous devez les informer et demander leur consentement au pr\u00e9alable, sinon vous nous exon\u00e9rez de toute responsabilit\u00e9 en cas de non-respect de cette exigence.<\/p>\n\n\n\n<h4 class=\"wp-block-heading\">Qu&rsquo;en est-il des donn\u00e9es relatives aux mineurs ?<\/h4>\n\n\n\n<p>Nous ne traitons pas les donn\u00e9es des enfants de moins de 14 ans. Par cons\u00e9quent, veuillez vous abstenir de les fournir si vous n&rsquo;avez pas cet \u00e2ge ou, le cas \u00e9ch\u00e9ant, de fournir les donn\u00e9es de tiers qui n&rsquo;ont pas l&rsquo;\u00e2ge susmentionn\u00e9. HUMAN LEVEL COMMUNICATIONS S.L.U. d\u00e9cline toute responsabilit\u00e9 en cas de non-respect de cette disposition.<\/p>\n\n\n\n<p><\/p>\n\n\n\n<h3 class=\"wp-block-heading\">Communiquerons-nous par voie \u00e9lectronique ?<\/h3>\n\n\n\n<ul class=\"wp-block-list\">\n<li>Elles ne seront faites que pour traiter votre demande, s&rsquo;il s&rsquo;agit de l&rsquo;un des moyens de contact que vous nous avez fournis.<\/li>\n\n\n\n<li>Si nous effectuons des communications commerciales, celles-ci auront \u00e9t\u00e9 pr\u00e9alablement et express\u00e9ment autoris\u00e9es par vous.<\/li>\n<\/ul>\n<\/div>\n<\/div>\n<\/div>\n<\/div>\n\n\n\n<h2 class=\"wp-block-heading\">Quelles mesures de s\u00e9curit\u00e9 appliquons-nous ?<\/h2>\n\n\n\n<p>Vous pouvez \u00eatre rassur\u00e9 : nous avons adopt\u00e9 un niveau de protection optimal pour les donn\u00e9es personnelles que nous traitons et nous avons mis en place tous les moyens et mesures techniques \u00e0 notre disposition selon l&rsquo;\u00e9tat de la technologie pour pr\u00e9venir la perte, l&rsquo;utilisation abusive, l&rsquo;alt\u00e9ration, l&rsquo;acc\u00e8s non autoris\u00e9 et le vol des donn\u00e9es personnelles.<\/p>\n\n\n\n<h2 class=\"wp-block-heading\">\u00c0 quels destinataires vos donn\u00e9es seront-elles communiqu\u00e9es ?<\/h2>\n\n\n\n<p>Vos donn\u00e9es ne seront pas communiqu\u00e9es \u00e0 des tiers, sauf en cas d&rsquo;obligation l\u00e9gale. En particulier, elles seront communiqu\u00e9es \u00e0 l&rsquo;Agence nationale de l&rsquo;administration fiscale et aux banques et institutions financi\u00e8res pour le recouvrement du service fourni ou du produit achet\u00e9, ainsi qu&rsquo;aux responsables du traitement des donn\u00e9es n\u00e9cessaires \u00e0 l&rsquo;ex\u00e9cution de l&rsquo;accord.<\/p>\n\n\n\n<p>En cas d&rsquo;achat ou de paiement, si vous choisissez une application, un site web, une plateforme, une carte bancaire ou tout autre service en ligne, vos donn\u00e9es seront transf\u00e9r\u00e9es \u00e0 cette plateforme ou seront trait\u00e9es dans leur environnement, toujours avec une s\u00e9curit\u00e9 maximale. Lorsque nous le commandons, l&rsquo;entreprise de d\u00e9veloppement et de maintenance web, ou l&rsquo;entreprise d&rsquo;h\u00e9bergement, aura acc\u00e8s \u00e0 notre site web, et aura sign\u00e9 un contrat de service l&rsquo;obligeant \u00e0 maintenir le m\u00eame niveau de protection des donn\u00e9es que nous.<\/p>\n\n\n\n<p>Tout transfert international de donn\u00e9es lors de l&rsquo;utilisation d&rsquo;applications am\u00e9ricaines sera soumis \u00e0 l&rsquo;accord Privacy Shield, qui garantit que les entreprises am\u00e9ricaines de logiciels respectent les politiques europ\u00e9ennes de protection des donn\u00e9es en mati\u00e8re de vie priv\u00e9e.<\/p>\n\n\n\n<h2 class=\"wp-block-heading\">Quels sont vos droits ?<\/h2>\n\n\n\n<ul class=\"wp-block-list\">\n<li>Pour savoir si nous traitons ou non vos donn\u00e9es.<\/li>\n\n\n\n<li>Pour acc\u00e9der \u00e0 vos donn\u00e9es personnelles.<\/li>\n\n\n\n<li>Demander la rectification de vos donn\u00e9es si elles sont inexactes.<\/li>\n\n\n\n<li>Demander la suppression de vos donn\u00e9es si elles ne sont plus n\u00e9cessaires aux fins pour lesquelles elles ont \u00e9t\u00e9 collect\u00e9es ou si vous retirez votre consentement.<\/li>\n\n\n\n<li>Demander la limitation du traitement de vos donn\u00e9es, dans certains cas, auquel cas nous ne les conserverons que conform\u00e9ment \u00e0 la r\u00e9glementation en vigueur.<\/li>\n\n\n\n<li>Pour soumettre vos donn\u00e9es, qui vous seront fournies dans un format structur\u00e9, couramment utilis\u00e9 ou lisible par machine. Si vous le pr\u00e9f\u00e9rez, nous pouvons les transmettre au nouveau responsable que vous aurez d\u00e9sign\u00e9. Ceci n&rsquo;est valable que dans certains cas.<\/li>\n\n\n\n<li>d\u00e9poser une plainte aupr\u00e8s de l&rsquo;Agence espagnole de protection des donn\u00e9es ou de l&rsquo;autorit\u00e9 de contr\u00f4le comp\u00e9tente si vous estimez que nous ne vous avons pas trait\u00e9 correctement.<\/li>\n\n\n\n<li>Retirer \u00e0 tout moment votre consentement \u00e0 tout traitement pour lequel vous avez donn\u00e9 votre accord.<\/li>\n<\/ul>\n\n\n\n<p>Si vous modifiez des donn\u00e9es, veuillez nous en informer afin que nous puissions les mettre \u00e0 jour.<\/p>\n\n\n\n<h3 class=\"wp-block-heading\">Vous souhaitez obtenir un formulaire pour exercer vos droits ?<\/h3>\n\n\n\n<ul class=\"wp-block-list\">\n<li>Nous disposons de formulaires pour l&rsquo;exercice de vos droits, vous pouvez nous les demander par courrier \u00e9lectronique ou, si vous le pr\u00e9f\u00e9rez, vous pouvez utiliser ceux pr\u00e9par\u00e9s par l&rsquo;Agence espagnole de protection des donn\u00e9es ou par des tiers.<\/li>\n\n\n\n<li>Ces formulaires doivent \u00eatre sign\u00e9s \u00e9lectroniquement ou accompagn\u00e9s d&rsquo;une photocopie de la carte d&rsquo;identit\u00e9.<\/li>\n\n\n\n<li>Si une personne vous repr\u00e9sente, vous devez joindre une copie de sa carte d&rsquo;identit\u00e9 ou lui faire apposer sa signature \u00e9lectronique.<\/li>\n\n\n\n<li>Les formulaires peuvent \u00eatre d\u00e9pos\u00e9s en personne, par lettre ou par courrier \u00e0 l&rsquo;adresse du responsable indiqu\u00e9e au d\u00e9but de ce texte.<\/li>\n<\/ul>\n\n\n\n<h3 class=\"wp-block-heading\">Combien de temps faut-il pour vous r\u00e9pondre sur l&rsquo;exercice des droits ?<\/h3>\n\n\n\n<p>Cela d\u00e9pend de la loi, mais au maximum dans un d\u00e9lai d&rsquo;un mois \u00e0 compter de votre demande, et de deux mois si la question est tr\u00e8s complexe et que nous vous informons que nous avons besoin de plus de temps.<\/p>\n\n\n\n<h2 class=\"wp-block-heading\">Traitons-nous les cookies ?<\/h2>\n\n\n\n<p>Si nous utilisons d&rsquo;autres types de cookies qui ne sont pas n\u00e9cessaires, vous pouvez consulter la politique en mati\u00e8re de cookies dans le lien correspondant en haut de notre site web.<\/p>\n\n\n\n<h2 class=\"wp-block-heading\">Combien de temps conserverons-nous vos donn\u00e9es personnelles ?<\/h2>\n\n\n\n<ul class=\"wp-block-list\">\n<li>Les donn\u00e9es personnelles seront conserv\u00e9es aussi longtemps que vous resterez en contact avec nous.<\/li>\n\n\n\n<li>Une fois que vous vous \u00eates d\u00e9sinscrit, les donn\u00e9es \u00e0 caract\u00e8re personnel trait\u00e9es pour chaque finalit\u00e9 seront conserv\u00e9es pendant les p\u00e9riodes l\u00e9galement pr\u00e9vues, y compris la p\u00e9riode pendant laquelle un juge ou un tribunal peut les exiger conform\u00e9ment au d\u00e9lai de prescription des actions en justice.<\/li>\n\n\n\n<li>Les donn\u00e9es trait\u00e9es seront conserv\u00e9es jusqu&rsquo;\u00e0 l&rsquo;expiration des d\u00e9lais l\u00e9gaux susmentionn\u00e9s, s&rsquo;il existe une obligation l\u00e9gale de les conserver, ou, en l&rsquo;absence d&rsquo;un tel d\u00e9lai l\u00e9gal, jusqu&rsquo;\u00e0 ce que la personne concern\u00e9e demande leur suppression ou r\u00e9voque le consentement accord\u00e9.<\/li>\n\n\n\n<li>Nous conserverons toutes les informations et communications relatives \u00e0 votre achat ou \u00e0 la fourniture de nos services, pendant la dur\u00e9e des garanties sur les produits ou les services, afin de r\u00e9pondre \u00e0 d&rsquo;\u00e9ventuelles r\u00e9clamations.<\/li>\n\n\n\n<li>Pour chaque traitement ou type de donn\u00e9es, nous vous fournissons une p\u00e9riode sp\u00e9cifique, que vous pouvez consulter dans le tableau suivant :<\/li>\n<\/ul>\n\n\n\n<figure class=\"wp-block-table\"><table class=\"has-fixed-layout\"><thead><tr><th class=\"has-text-align-center\" data-align=\"center\"><strong>Dossier<\/strong><\/th><th class=\"has-text-align-center\" data-align=\"center\"><strong>Document<\/strong><\/th><th class=\"has-text-align-center\" data-align=\"center\"><strong>Conservation<\/strong><\/th><\/tr><\/thead><tbody><tr><td rowspan=\"3\">Clients<\/td><td>Factures<\/td><td>10 ans<\/td><\/tr><tr><td>Formulaires et coupons<\/td><td>15 ans<\/td><\/tr><tr><td>Contrats<\/td><td>5 ans<\/td><\/tr><tr><td rowspan=\"4\">Ressources humaines<\/td><td>Paie, TC1, TC2, etc.<\/td><td>10 ans<\/td><\/tr><tr><td>Programmes d&rsquo;\u00e9tudes<\/td><td>Jusqu&rsquo;\u00e0 la fin du processus de s\u00e9lection, et 1 an de plus avec votre accord.<\/td><\/tr><tr><td>Documents sur les indemnit\u00e9s de licenciement, contrats et donn\u00e9es sur les travailleurs temporaires.<\/td><td>4 ans<\/td><\/tr><tr><td>Dossier du travailleur.<\/td><td>Jusqu&rsquo;\u00e0 5 ans apr\u00e8s l&rsquo;arr\u00eat maladie.<\/td><\/tr><tr><td>Marketing<\/td><td>Bases de donn\u00e9es ou visiteurs du site web.<\/td><td>Pendant la dur\u00e9e du traitement.<\/td><\/tr><tr><td rowspan=\"2\">Fournisseurs<\/td><td>Factures<\/td><td>10 ans<\/td><\/tr><tr><td>Contrats<\/td><td>5 ans<\/td><\/tr><tr><td rowspan=\"2\">Contr\u00f4le d&rsquo;acc\u00e8s et vid\u00e9osurveillance<\/td><td>Liste des visiteurs<\/td><td>30 jours<\/td><\/tr><tr><td>Vid\u00e9os<\/td><td>Blocage de 30 jours Destruction de 3 ans<\/td><\/tr><tr><td>Comptabilit\u00e9<\/td><td>Livres et documents comptables, conventions d&rsquo;actionnaires et de conseil d&rsquo;administration, statuts de la soci\u00e9t\u00e9, proc\u00e8s-verbaux, r\u00e8glements du conseil d&rsquo;administration et des commissions d\u00e9l\u00e9gu\u00e9es, \u00e9tats financiers, rapports d&rsquo;audit, registres et documents relatifs aux subventions.<\/td><td>6 ans<\/td><\/tr><tr><td rowspan=\"2\">Fiscalit\u00e9<\/td><td>Gestion de l&rsquo;administration, des droits et des obligations de l&rsquo;entreprise en mati\u00e8re de paiement des imp\u00f4ts. Gestion du paiement des dividendes et des retenues \u00e0 la source.<\/td><td>10 ans<\/td><\/tr><tr><td>Informations sur les \u00e9tablissements de prix intragroupe<\/td><td>18 ans 8 ans pour les transactions intragroupe pour les accords sur les prix<\/td><\/tr><tr><td>Sant\u00e9 et s\u00e9curit\u00e9<\/td><td>Dossiers m\u00e9dicaux des travailleurs<\/td><td>5 ans<\/td><\/tr><tr><td rowspan=\"5\">Environnement<\/td><td>Informations sur les substances chimiques ou substantiellement dangereuses<\/td><td>10 ans<\/td><\/tr><tr><td>Documents relatifs aux permis environnementaux pendant l&rsquo;exercice de l&rsquo;activit\u00e9.<\/td><td>3 ans apr\u00e8s la cessation de l&rsquo;activit\u00e9 10 ans (prescription)<\/td><\/tr><tr><td>Dossiers sur le recyclage ou l&rsquo;\u00e9limination des d\u00e9chets<\/td><td>3 ans<\/td><\/tr><tr><td>Les subventions accord\u00e9es pour des op\u00e9rations de nettoyage doivent \u00eatre consign\u00e9es dans un registre des droits et obligations, des recettes et des paiements.<\/td><td>4 ans<\/td><\/tr><tr><td>Rapports d&rsquo;accident<\/td><td>5 ans<\/td><\/tr><tr><td>Assurance<\/td><td>Polices d&rsquo;assurance<\/td><td>6 ans (r\u00e8gle g\u00e9n\u00e9rale) 2 ans (dommages) 5 ans (particuliers) 10 ans (vie)<\/td><\/tr><tr><td>Achats<\/td><td>Enregistrement de toutes les livraisons de biens ou prestations de services, des acquisitions intracommunautaires, des importations et des exportations aux fins de la TVA.<\/td><td>5 ans<\/td><\/tr><tr><td rowspan=\"3\">Documents juridiques<\/td><td>Documents de propri\u00e9t\u00e9 intellectuelle et industrielle, contrats et accords.<\/td><td>5 ans<\/td><\/tr><tr><td>Permis, licences, certificats<\/td><td>6 ans \u00e0 compter de la date d&rsquo;expiration du permis, de la licence ou du certificat. 10 ans (prescription p\u00e9nale)<\/td><\/tr><tr><td>Accords de confidentialit\u00e9 et de non-concurrence<\/td><td>Toujours la dur\u00e9e de l&rsquo;obligation ou de la confidentialit\u00e9<\/td><\/tr><tr><td rowspan=\"2\">LOPD<\/td><td>Traitement des donn\u00e9es \u00e0 caract\u00e8re personnel, s&rsquo;il diff\u00e8re du traitement notifi\u00e9 \u00e0 l&rsquo;AEPD<\/td><td>3 ans<\/td><\/tr><tr><td>Donn\u00e9es personnelles des employ\u00e9s stock\u00e9es sur les r\u00e9seaux, les ordinateurs et les \u00e9quipements de communication utilis\u00e9s par les employ\u00e9s, les contr\u00f4les d&rsquo;acc\u00e8s et les syst\u00e8mes de gestion\/administration internes<\/td><td>5 ans<\/td><\/tr><\/tbody><\/table><\/figure>\n\n\n\n<h2 class=\"wp-block-heading\">Pr\u00e9sentation de r\u00e9clamations<\/h2>\n\n\n\n<p>Si vous estimez que le traitement de vos donn\u00e9es personnelles enfreint la l\u00e9gislation en vigueur ou si vous avez des doutes concernant l\u2019utilisation que nous faisons de vos donn\u00e9es, nous vous invitons \u00e0 nous contacter par l\u2019un des moyens suivants:<\/p>\n\n\n\n<ul class=\"wp-block-list\">\n<li><strong>Email<\/strong>:\u00a0<a href=\"mailto:info@humanlevel.com\">info@humanlevel.com<\/a><\/li>\n\n\n\n<li><strong>Formulaire de contact<\/strong>:\u00a0<a href=\"https:\/\/www.humanlevel.com\/fr\/contact\">www.humanlevel.com\/fr\/contact<\/a><\/li>\n<\/ul>\n\n\n\n<p>Si, apr\u00e8s nous avoir contact\u00e9s, vous consid\u00e9rez que votre r\u00e9clamation n\u2019a pas \u00e9t\u00e9 trait\u00e9e de mani\u00e8re satisfaisante, vous avez le droit de d\u00e9poser une r\u00e9clamation aupr\u00e8s de l\u2019autorit\u00e9 de protection des donn\u00e9es comp\u00e9tente. En Espagne, l\u2019autorit\u00e9 comp\u00e9tente est l\u2019<strong>Agencia Espa\u00f1ola de Protecci\u00f3n de Datos (AEPD)<\/strong>. Vous pouvez les contacter via leur site web:&nbsp;<a href=\"https:\/\/www.aepd.es\/\" target=\"_blank\" rel=\"noreferrer noopener\">https:\/\/www.aepd.es<\/a>.<\/p>\n<\/div>\n","protected":false},"excerpt":{"rendered":"<p>La politique de confidentialit\u00e9 fait partie des conditions g\u00e9n\u00e9rales r\u00e9gissant ce site web. Nous nous&#8230;<\/p>\n","protected":false},"author":12,"featured_media":89502,"parent":86353,"menu_order":90,"comment_status":"closed","ping_status":"closed","template":"","meta":{"_acf_changed":false,"footnotes":""},"class_list":["post-58788","page","type-page","status-publish","has-post-thumbnail"],"acf":[],"yoast_head":"<!-- This site is optimized with the Yoast SEO plugin v27.4 - https:\/\/yoast.com\/product\/yoast-seo-wordpress\/ -->\n<title>Politique de confidentialit\u00e9 | Human Level<\/title>\n<meta name=\"description\" content=\"D\u00e9couvrez la politique de confidentialit\u00e9 de Human Level, faisant partie des conditions g\u00e9n\u00e9rales r\u00e9gissant l&#039;utilisation du site web.\" \/>\n<meta name=\"robots\" content=\"index, follow, max-snippet:-1, max-image-preview:large, max-video-preview:-1\" \/>\n<link rel=\"canonical\" href=\"https:\/\/www.humanlevel.com\/fr\/politiques\/confidentialite\" \/>\n<meta property=\"og:locale\" content=\"fr_FR\" \/>\n<meta property=\"og:type\" content=\"article\" \/>\n<meta property=\"og:title\" content=\"Politique de confidentialit\u00e9 | Human Level\" \/>\n<meta property=\"og:description\" content=\"D\u00e9couvrez la politique de confidentialit\u00e9 de Human Level, faisant partie des conditions g\u00e9n\u00e9rales r\u00e9gissant l&#039;utilisation du site web.\" \/>\n<meta property=\"og:url\" content=\"https:\/\/www.humanlevel.com\/fr\/politiques\/confidentialite\" \/>\n<meta property=\"og:site_name\" content=\"Human Level\" \/>\n<meta name=\"twitter:card\" content=\"summary_large_image\" \/>\n<meta name=\"twitter:label1\" content=\"Dur\u00e9e de lecture estim\u00e9e\" \/>\n\t<meta name=\"twitter:data1\" content=\"12 minutes\" \/>\n<script type=\"application\/ld+json\" class=\"yoast-schema-graph\">{\"@context\":\"https:\\\/\\\/schema.org\",\"@graph\":[{\"@type\":\"WebPage\",\"@id\":\"https:\\\/\\\/www.humanlevel.com\\\/fr\\\/politiques\\\/confidentialite\",\"url\":\"https:\\\/\\\/www.humanlevel.com\\\/fr\\\/politiques\\\/confidentialite\",\"name\":\"Politique de confidentialit\u00e9 | Human Level\",\"isPartOf\":{\"@id\":\"https:\\\/\\\/www.humanlevel.com\\\/fr#website\"},\"primaryImageOfPage\":{\"@id\":\"https:\\\/\\\/www.humanlevel.com\\\/fr\\\/politiques\\\/confidentialite#primaryimage\"},\"image\":{\"@id\":\"https:\\\/\\\/www.humanlevel.com\\\/fr\\\/politiques\\\/confidentialite#primaryimage\"},\"thumbnailUrl\":\"https:\\\/\\\/www.humanlevel.com\\\/wp-content\\\/uploads\\\/hl-og-politicas.jpg\",\"datePublished\":\"2015-10-28T11:34:36+00:00\",\"dateModified\":\"2026-04-02T11:06:19+00:00\",\"description\":\"D\u00e9couvrez la politique de confidentialit\u00e9 de Human Level, faisant partie des conditions g\u00e9n\u00e9rales r\u00e9gissant l'utilisation du site web.\",\"breadcrumb\":{\"@id\":\"https:\\\/\\\/www.humanlevel.com\\\/fr\\\/politiques\\\/confidentialite#breadcrumb\"},\"inLanguage\":\"fr-FR\",\"potentialAction\":[{\"@type\":\"ReadAction\",\"target\":[\"https:\\\/\\\/www.humanlevel.com\\\/fr\\\/politiques\\\/confidentialite\"]}]},{\"@type\":\"ImageObject\",\"inLanguage\":\"fr-FR\",\"@id\":\"https:\\\/\\\/www.humanlevel.com\\\/fr\\\/politiques\\\/confidentialite#primaryimage\",\"url\":\"https:\\\/\\\/www.humanlevel.com\\\/wp-content\\\/uploads\\\/hl-og-politicas.jpg\",\"contentUrl\":\"https:\\\/\\\/www.humanlevel.com\\\/wp-content\\\/uploads\\\/hl-og-politicas.jpg\",\"width\":1200,\"height\":630},{\"@type\":\"BreadcrumbList\",\"@id\":\"https:\\\/\\\/www.humanlevel.com\\\/fr\\\/politiques\\\/confidentialite#breadcrumb\",\"itemListElement\":[{\"@type\":\"ListItem\",\"position\":1,\"name\":\"Inicio\",\"item\":\"https:\\\/\\\/www.humanlevel.com\\\/fr\"},{\"@type\":\"ListItem\",\"position\":2,\"name\":\"Informations l\u00e9gales et institutionnelles\",\"item\":\"https:\\\/\\\/www.humanlevel.com\\\/fr\\\/politiques\"},{\"@type\":\"ListItem\",\"position\":3,\"name\":\"Politique de confidentialit\u00e9\"}]},{\"@type\":\"WebSite\",\"@id\":\"https:\\\/\\\/www.humanlevel.com\\\/fr#website\",\"url\":\"https:\\\/\\\/www.humanlevel.com\\\/fr\",\"name\":\"Human Level\",\"description\":\"Agencia SEO para grandes marcas nacionales e internacionales.\",\"publisher\":{\"@id\":\"https:\\\/\\\/www.humanlevel.com\\\/fr#organization\"},\"potentialAction\":[{\"@type\":\"SearchAction\",\"target\":{\"@type\":\"EntryPoint\",\"urlTemplate\":\"https:\\\/\\\/www.humanlevel.com\\\/fr?s={search_term_string}\"},\"query-input\":{\"@type\":\"PropertyValueSpecification\",\"valueRequired\":true,\"valueName\":\"search_term_string\"}}],\"inLanguage\":\"fr-FR\"},{\"@type\":\"Organization\",\"@id\":\"https:\\\/\\\/www.humanlevel.com\\\/fr#organization\",\"name\":\"Human Level\",\"url\":\"https:\\\/\\\/www.humanlevel.com\\\/fr\",\"logo\":{\"@type\":\"ImageObject\",\"inLanguage\":\"fr-FR\",\"@id\":\"https:\\\/\\\/www.humanlevel.com\\\/fr#\\\/schema\\\/logo\\\/image\\\/\",\"url\":\"https:\\\/\\\/www.humanlevel.com\\\/wp-content\\\/uploads\\\/logohl25x3.png\",\"contentUrl\":\"https:\\\/\\\/www.humanlevel.com\\\/wp-content\\\/uploads\\\/logohl25x3.png\",\"width\":600,\"height\":93,\"caption\":\"Human Level\"},\"image\":{\"@id\":\"https:\\\/\\\/www.humanlevel.com\\\/fr#\\\/schema\\\/logo\\\/image\\\/\"},\"sameAs\":[\"https:\\\/\\\/www.linkedin.com\\\/company\\\/human-level-communications\",\"https:\\\/\\\/www.youtube.com\\\/user\\\/humanlevelcommunica\",\"https:\\\/\\\/bsky.app\\\/profile\\\/humanlevel.bsky.social\",\"https:\\\/\\\/instagram.com\\\/humanlevel\"]}]}<\/script>\n<!-- \/ Yoast SEO plugin. -->","yoast_head_json":{"title":"Politique de confidentialit\u00e9 | Human Level","description":"D\u00e9couvrez la politique de confidentialit\u00e9 de Human Level, faisant partie des conditions g\u00e9n\u00e9rales r\u00e9gissant l'utilisation du site web.","robots":{"index":"index","follow":"follow","max-snippet":"max-snippet:-1","max-image-preview":"max-image-preview:large","max-video-preview":"max-video-preview:-1"},"canonical":"https:\/\/www.humanlevel.com\/fr\/politiques\/confidentialite","og_locale":"fr_FR","og_type":"article","og_title":"Politique de confidentialit\u00e9 | Human Level","og_description":"D\u00e9couvrez la politique de confidentialit\u00e9 de Human Level, faisant partie des conditions g\u00e9n\u00e9rales r\u00e9gissant l'utilisation du site web.","og_url":"https:\/\/www.humanlevel.com\/fr\/politiques\/confidentialite","og_site_name":"Human Level","twitter_card":"summary_large_image","twitter_misc":{"Dur\u00e9e de lecture estim\u00e9e":"12 minutes"},"schema":{"@context":"https:\/\/schema.org","@graph":[{"@type":"WebPage","@id":"https:\/\/www.humanlevel.com\/fr\/politiques\/confidentialite","url":"https:\/\/www.humanlevel.com\/fr\/politiques\/confidentialite","name":"Politique de confidentialit\u00e9 | Human Level","isPartOf":{"@id":"https:\/\/www.humanlevel.com\/fr#website"},"primaryImageOfPage":{"@id":"https:\/\/www.humanlevel.com\/fr\/politiques\/confidentialite#primaryimage"},"image":{"@id":"https:\/\/www.humanlevel.com\/fr\/politiques\/confidentialite#primaryimage"},"thumbnailUrl":"https:\/\/www.humanlevel.com\/wp-content\/uploads\/hl-og-politicas.jpg","datePublished":"2015-10-28T11:34:36+00:00","dateModified":"2026-04-02T11:06:19+00:00","description":"D\u00e9couvrez la politique de confidentialit\u00e9 de Human Level, faisant partie des conditions g\u00e9n\u00e9rales r\u00e9gissant l'utilisation du site web.","breadcrumb":{"@id":"https:\/\/www.humanlevel.com\/fr\/politiques\/confidentialite#breadcrumb"},"inLanguage":"fr-FR","potentialAction":[{"@type":"ReadAction","target":["https:\/\/www.humanlevel.com\/fr\/politiques\/confidentialite"]}]},{"@type":"ImageObject","inLanguage":"fr-FR","@id":"https:\/\/www.humanlevel.com\/fr\/politiques\/confidentialite#primaryimage","url":"https:\/\/www.humanlevel.com\/wp-content\/uploads\/hl-og-politicas.jpg","contentUrl":"https:\/\/www.humanlevel.com\/wp-content\/uploads\/hl-og-politicas.jpg","width":1200,"height":630},{"@type":"BreadcrumbList","@id":"https:\/\/www.humanlevel.com\/fr\/politiques\/confidentialite#breadcrumb","itemListElement":[{"@type":"ListItem","position":1,"name":"Inicio","item":"https:\/\/www.humanlevel.com\/fr"},{"@type":"ListItem","position":2,"name":"Informations l\u00e9gales et institutionnelles","item":"https:\/\/www.humanlevel.com\/fr\/politiques"},{"@type":"ListItem","position":3,"name":"Politique de confidentialit\u00e9"}]},{"@type":"WebSite","@id":"https:\/\/www.humanlevel.com\/fr#website","url":"https:\/\/www.humanlevel.com\/fr","name":"Human Level","description":"Agencia SEO para grandes marcas nacionales e internacionales.","publisher":{"@id":"https:\/\/www.humanlevel.com\/fr#organization"},"potentialAction":[{"@type":"SearchAction","target":{"@type":"EntryPoint","urlTemplate":"https:\/\/www.humanlevel.com\/fr?s={search_term_string}"},"query-input":{"@type":"PropertyValueSpecification","valueRequired":true,"valueName":"search_term_string"}}],"inLanguage":"fr-FR"},{"@type":"Organization","@id":"https:\/\/www.humanlevel.com\/fr#organization","name":"Human Level","url":"https:\/\/www.humanlevel.com\/fr","logo":{"@type":"ImageObject","inLanguage":"fr-FR","@id":"https:\/\/www.humanlevel.com\/fr#\/schema\/logo\/image\/","url":"https:\/\/www.humanlevel.com\/wp-content\/uploads\/logohl25x3.png","contentUrl":"https:\/\/www.humanlevel.com\/wp-content\/uploads\/logohl25x3.png","width":600,"height":93,"caption":"Human Level"},"image":{"@id":"https:\/\/www.humanlevel.com\/fr#\/schema\/logo\/image\/"},"sameAs":["https:\/\/www.linkedin.com\/company\/human-level-communications","https:\/\/www.youtube.com\/user\/humanlevelcommunica","https:\/\/bsky.app\/profile\/humanlevel.bsky.social","https:\/\/instagram.com\/humanlevel"]}]}},"_links":{"self":[{"href":"https:\/\/www.humanlevel.com\/fr\/wp-json\/wp\/v2\/pages\/58788","targetHints":{"allow":["GET"]}}],"collection":[{"href":"https:\/\/www.humanlevel.com\/fr\/wp-json\/wp\/v2\/pages"}],"about":[{"href":"https:\/\/www.humanlevel.com\/fr\/wp-json\/wp\/v2\/types\/page"}],"author":[{"embeddable":true,"href":"https:\/\/www.humanlevel.com\/fr\/wp-json\/wp\/v2\/users\/12"}],"replies":[{"embeddable":true,"href":"https:\/\/www.humanlevel.com\/fr\/wp-json\/wp\/v2\/comments?post=58788"}],"version-history":[{"count":11,"href":"https:\/\/www.humanlevel.com\/fr\/wp-json\/wp\/v2\/pages\/58788\/revisions"}],"predecessor-version":[{"id":87105,"href":"https:\/\/www.humanlevel.com\/fr\/wp-json\/wp\/v2\/pages\/58788\/revisions\/87105"}],"up":[{"embeddable":true,"href":"https:\/\/www.humanlevel.com\/fr\/wp-json\/wp\/v2\/pages\/86353"}],"wp:featuredmedia":[{"embeddable":true,"href":"https:\/\/www.humanlevel.com\/fr\/wp-json\/wp\/v2\/media\/89502"}],"wp:attachment":[{"href":"https:\/\/www.humanlevel.com\/fr\/wp-json\/wp\/v2\/media?parent=58788"}],"curies":[{"name":"wp","href":"https:\/\/api.w.org\/{rel}","templated":true}]}}